{"id":55,"date":"2022-02-02T18:59:16","date_gmt":"2022-02-02T18:59:16","guid":{"rendered":"https:\/\/primaristic.de\/?page_id=55"},"modified":"2024-03-16T21:40:02","modified_gmt":"2024-03-16T21:40:02","slug":"datenschutzerklaerung","status":"publish","type":"page","link":"https:\/\/primaristic.de\/index.php\/datenschutzerklaerung\/","title":{"rendered":"Datenschutzerkl\u00e4rung und Impressum"},"content":{"rendered":"\n<h2 class=\"wp-block-heading\">Wer wir sind<\/h2>\n\n\n\n<p><strong>Primaristic.de<\/strong><br>Svenja Schrode<br>Am Vogelherd 17<br>82140 Olching<br>Tel.: 0157-37618362<\/p>\n\n\n\n<h2 class=\"wp-block-heading\">Datenschutzrichtlinie von Primaristic.de <\/h2>\n\n\n\n<p>Wir nehmen den Schutz pers\u00f6nlicher Daten sehr ernst. Wir tun alles, um pers\u00f6nliche Daten vertraulich zu halten. Sofern innerhalb unseres Internetangebotes die M\u00f6glichkeit zur Eingabe pers\u00f6nlicher oder gesch\u00e4ftlicher Daten (Emailadressen, Namen, Anschriften) besteht, so erfolgt die Preisgabe dieser Daten seitens des Nutzers auf ausdr\u00fccklich freiwilliger Basis. Die Inanspruchnahme aller angebotenen Dienste ist &#8211; soweit technisch m\u00f6glich und zumutbar &#8211; auch ohne Angabe solcher Daten bzw. unter Angabe anonymisierter Daten oder eines Pseudonyms gestattet. <\/p>\n\n\n\n<p>Diese Erkl\u00e4rung zum Datenschutz kann jederzeit ge\u00e4ndert werden. Bitte \u00fcberpr\u00fcfen Sie diese Seite in regelm\u00e4\u00dfigen Abst\u00e4nden auf eventuelle \u00c4nderungen. <\/p>\n\n\n\n<p>Stand: 15.03.2024<\/p>\n\n\n\n<h2 class=\"wp-block-heading\">Kommentare<\/h2>\n\n\n\n<p>Wenn Besucher Kommentare auf der Website schreiben, sammeln wir die Daten, die im Kommentar-Formular angezeigt werden, au\u00dferdem die IP-Adresse des Besuchers und den User-Agent-String (damit wird der Browser identifiziert), um die Erkennung von Spam zu unterst\u00fctzen.<\/p>\n\n\n\n<p>Aus deiner E-Mail-Adresse kann eine anonymisierte Zeichenfolge erstellt (auch Hash genannt) und dem Gravatar-Dienst \u00fcbergeben werden, um zu pr\u00fcfen, ob du diesen benutzt. Die Datenschutzerkl\u00e4rung des Gravatar-Dienstes findest du hier: https:\/\/automattic.com\/privacy\/. Nachdem dein Kommentar freigegeben wurde, ist dein Profilbild \u00f6ffentlich im Kontext deines Kommentars sichtbar.<\/p>\n\n\n\n<h2 class=\"wp-block-heading\">Medien<\/h2>\n\n\n\n<p>Wenn Sie ein registrierter Benutzer sind und Fotos auf diese Website laden, sollten Sie vermeiden, Fotos mit einem EXIF-GPS-Standort hochzuladen. Besucher dieser Website k\u00f6nnten Fotos, die auf dieser Website gespeichert sind, herunterladen und deren Standort-Informationen extrahieren.<\/p>\n\n\n\n<h2 class=\"wp-block-heading\">Cookies<\/h2>\n\n\n\n<p>Wenn Sie einen Kommentar auf unserer Website schreiben, kann das eine Einwilligung sein, Ihren Namen, E-Mail-Adresse und Website in Cookies zu speichern. Dies ist eine Komfortfunktion, damit Sie nicht, wenn Sie einen weiteren Kommentar schreiben, all diese Daten erneut eingeben m\u00fcssen. Diese Cookies werden ein Jahr lang gespeichert.<\/p>\n\n\n\n<p>Falls Sie ein Konto haben und sich auf dieser Website anmelden, werden wir ein tempor\u00e4res Cookie setzen, um festzustellen, ob Ihr Browser Cookies akzeptiert. Dieses Cookie enth\u00e4lt keine personenbezogenen Daten und wird verworfen, wenn Sie Ihren Browser schlie\u00dfen.<\/p>\n\n\n\n<p>Wenn Sie sich anmelden, werden wir einige Cookies einrichten, um Ihre Anmeldeinformationen und Anzeigeoptionen zu speichern. Anmelde-Cookies verfallen nach zwei Tagen und Cookies f\u00fcr die Anzeigeoptionen nach einem Jahr. Falls Sie bei der Anmeldung \u201eAngemeldet bleiben\u201c ausw\u00e4hlen, wird Ihre Anmeldung zwei Wochen lang aufrechterhalten. Mit der Abmeldung aus Ihrem Konto werden die Anmelde-Cookies gel\u00f6scht.<\/p>\n\n\n\n<p>Wenn Sie einen Artikel bearbeiten oder ver\u00f6ffentlichen, wird ein zus\u00e4tzlicher Cookie in Ihrem Browser gespeichert. Dieser Cookie enth\u00e4lt keine personenbezogenen Daten und verweist nur auf die Beitrags-ID des Artikels, den Sie gerade bearbeitet haben. Der Cookie verf\u00e4llt nach einem Tag.<\/p>\n\n\n\n<h2 class=\"wp-block-heading\">Eingebettete Inhalte von anderen Websites<\/h2>\n\n\n\n<p>Beitr\u00e4ge auf dieser Website k\u00f6nnen eingebettete Inhalte beinhalten (z.&nbsp;B. Videos, Bilder, Beitr\u00e4ge etc.). Eingebettete Inhalte von anderen Websites verhalten sich exakt so, als ob der Besucher die andere Website besucht h\u00e4tte.<\/p>\n\n\n\n<p>Diese Websites k\u00f6nnen Daten \u00fcber Sie sammeln, Cookies benutzen, zus\u00e4tzliche Tracking-Dienste von Dritten einbetten und Ihre Interaktion mit diesem eingebetteten Inhalt aufzeichnen, inklusive Ihrer Interaktion mit dem eingebetteten Inhalt, falls Sie ein Konto haben und auf dieser Website angemeldet sind.<\/p>\n\n\n\n<h2 class=\"wp-block-heading\">Mit wem wir Ihre Daten teilen<\/h2>\n\n\n\n<p>Wenn Sie eine Zur\u00fccksetzung des Passworts beantragen, wird Ihre IP-Adresse in der E-Mail zur Zur\u00fccksetzung enthalten sein.<\/p>\n\n\n\n<h2 class=\"wp-block-heading\">Wie lange wir Ihre Daten speichern<\/h2>\n\n\n\n<p>Wenn Sie einen Kommentar schreiben, wird dieser inklusive Metadaten zeitlich unbegrenzt gespeichert. Auf diese Art k\u00f6nnen wir Folgekommentare automatisch erkennen und freigeben, anstatt sie in einer Moderations-Warteschlange festzuhalten.<\/p>\n\n\n\n<p>F\u00fcr Benutzer, die sich auf unserer Website registrieren, speichern wir zus\u00e4tzlich die pers\u00f6nlichen Informationen, die sie in ihren Benutzerprofilen angeben. Alle Benutzer k\u00f6nnen jederzeit ihre pers\u00f6nlichen Informationen einsehen, ver\u00e4ndern oder l\u00f6schen (der Benutzername kann nicht ver\u00e4ndert werden). Administratoren der Website k\u00f6nnen diese Informationen ebenfalls einsehen und ver\u00e4ndern.<\/p>\n\n\n\n<h2 class=\"wp-block-heading\">Welche Rechte Sie an Ihren Daten haben<\/h2>\n\n\n\n<p>Wenn Sie ein Konto auf dieser Website besitzen oder Kommentare geschrieben haben, k\u00f6nnen Sie einen Export Ihrer personenbezogenen Daten bei uns anfordern, inklusive aller Daten, die Sie uns mitgeteilt haben. Dar\u00fcber hinaus k\u00f6nnen Sie die L\u00f6schung aller personenbezogenen Daten, die wir von Ihnen gespeichert haben, anfordern. Dies umfasst nicht die Daten, die wir aufgrund administrativer, rechtlicher oder sicherheitsrelevanter Notwendigkeiten aufbewahren m\u00fcssen.<\/p>\n\n\n\n<h2 class=\"wp-block-heading\">Wohin wir Ihre Daten senden<\/h2>\n\n\n\n<p>Besucher-Kommentare k\u00f6nnten von einem automatisierten Dienst zur Spam-Erkennung untersucht werden.<\/p>\n\n\n\n<hr class=\"wp-block-separator has-alpha-channel-opacity\"\/>\n","protected":false},"excerpt":{"rendered":"<p>Wer wir sind Primaristic.deSvenja SchrodeAm Vogelherd 1782140 OlchingTel.: 0157-37618362 Datenschutzrichtlinie von Primaristic.de Wir nehmen den Schutz pers\u00f6nlicher Daten sehr ernst. Wir tun alles, um pers\u00f6nliche Daten vertraulich zu halten. Sofern innerhalb unseres Internetangebotes die M\u00f6glichkeit zur Eingabe pers\u00f6nlicher oder gesch\u00e4ftlicher Daten (Emailadressen, Namen, Anschriften) besteht, so erfolgt die Preisgabe dieser Daten seitens des Nutzers auf &hellip; <\/p>\n<p class=\"link-more\"><a href=\"https:\/\/primaristic.de\/index.php\/datenschutzerklaerung\/\" class=\"more-link\">Mehr <span class=\"screen-reader-text\">\u00fcber &#8222;Datenschutzerkl\u00e4rung und Impressum&#8220; <\/span>Lesen<\/a><\/p>\n","protected":false},"author":1,"featured_media":0,"parent":0,"menu_order":0,"comment_status":"closed","ping_status":"closed","template":"","meta":{"_acf_changed":false,"_monsterinsights_skip_tracking":false,"_monsterinsights_sitenote_active":false,"_monsterinsights_sitenote_note":"","_monsterinsights_sitenote_category":0,"footnotes":""},"class_list":["post-55","page","type-page","status-publish","hentry"],"acf":[],"yoast_head":"<!-- This site is optimized with the Yoast SEO plugin v26.6 - https:\/\/yoast.com\/wordpress\/plugins\/seo\/ -->\n<title>Datenschutzerkl\u00e4rung und Impressum - primaristic.de<\/title>\n<meta name=\"robots\" content=\"index, follow, max-snippet:-1, max-image-preview:large, max-video-preview:-1\" \/>\n<link rel=\"canonical\" href=\"https:\/\/primaristic.de\/index.php\/datenschutzerklaerung\/\" \/>\n<meta property=\"og:locale\" content=\"de_DE\" \/>\n<meta property=\"og:type\" content=\"article\" \/>\n<meta property=\"og:title\" content=\"Datenschutzerkl\u00e4rung und Impressum - primaristic.de\" \/>\n<meta property=\"og:description\" content=\"Wer wir sind Primaristic.deSvenja SchrodeAm Vogelherd 1782140 OlchingTel.: 0157-37618362 Datenschutzrichtlinie von Primaristic.de Wir nehmen den Schutz pers\u00f6nlicher Daten sehr ernst. Wir tun alles, um pers\u00f6nliche Daten vertraulich zu halten. Sofern innerhalb unseres Internetangebotes die M\u00f6glichkeit zur Eingabe pers\u00f6nlicher oder gesch\u00e4ftlicher Daten (Emailadressen, Namen, Anschriften) besteht, so erfolgt die Preisgabe dieser Daten seitens des Nutzers auf &hellip; Mehr \u00fcber &quot;Datenschutzerkl\u00e4rung und Impressum&quot; Lesen\" \/>\n<meta property=\"og:url\" content=\"https:\/\/primaristic.de\/index.php\/datenschutzerklaerung\/\" \/>\n<meta property=\"og:site_name\" content=\"primaristic.de\" \/>\n<meta property=\"article:modified_time\" content=\"2024-03-16T21:40:02+00:00\" \/>\n<meta name=\"twitter:card\" content=\"summary_large_image\" \/>\n<meta name=\"twitter:label1\" content=\"Gesch\u00e4tzte Lesezeit\" \/>\n\t<meta name=\"twitter:data1\" content=\"4\u00a0Minuten\" \/>\n<script type=\"application\/ld+json\" class=\"yoast-schema-graph\">{\"@context\":\"https:\/\/schema.org\",\"@graph\":[{\"@type\":\"WebPage\",\"@id\":\"https:\/\/primaristic.de\/index.php\/datenschutzerklaerung\/\",\"url\":\"https:\/\/primaristic.de\/index.php\/datenschutzerklaerung\/\",\"name\":\"Datenschutzerkl\u00e4rung und Impressum - primaristic.de\",\"isPartOf\":{\"@id\":\"https:\/\/primaristic.de\/#website\"},\"datePublished\":\"2022-02-02T18:59:16+00:00\",\"dateModified\":\"2024-03-16T21:40:02+00:00\",\"breadcrumb\":{\"@id\":\"https:\/\/primaristic.de\/index.php\/datenschutzerklaerung\/#breadcrumb\"},\"inLanguage\":\"de\",\"potentialAction\":[{\"@type\":\"ReadAction\",\"target\":[\"https:\/\/primaristic.de\/index.php\/datenschutzerklaerung\/\"]}]},{\"@type\":\"BreadcrumbList\",\"@id\":\"https:\/\/primaristic.de\/index.php\/datenschutzerklaerung\/#breadcrumb\",\"itemListElement\":[{\"@type\":\"ListItem\",\"position\":1,\"name\":\"Startseite\",\"item\":\"https:\/\/primaristic.de\/\"},{\"@type\":\"ListItem\",\"position\":2,\"name\":\"Datenschutzerkl\u00e4rung und Impressum\"}]},{\"@type\":\"WebSite\",\"@id\":\"https:\/\/primaristic.de\/#website\",\"url\":\"https:\/\/primaristic.de\/\",\"name\":\"primaristic.de\",\"description\":\"Dachverband der Primaristinnen in Deutschland\",\"publisher\":{\"@id\":\"https:\/\/primaristic.de\/#organization\"},\"potentialAction\":[{\"@type\":\"SearchAction\",\"target\":{\"@type\":\"EntryPoint\",\"urlTemplate\":\"https:\/\/primaristic.de\/?s={search_term_string}\"},\"query-input\":{\"@type\":\"PropertyValueSpecification\",\"valueRequired\":true,\"valueName\":\"search_term_string\"}}],\"inLanguage\":\"de\"},{\"@type\":\"Organization\",\"@id\":\"https:\/\/primaristic.de\/#organization\",\"name\":\"primaristic.de\",\"url\":\"https:\/\/primaristic.de\/\",\"logo\":{\"@type\":\"ImageObject\",\"inLanguage\":\"de\",\"@id\":\"https:\/\/primaristic.de\/#\/schema\/logo\/image\/\",\"url\":\"https:\/\/primaristic.de\/wp-content\/uploads\/2024\/11\/Logo-Weiss-groesser.png\",\"contentUrl\":\"https:\/\/primaristic.de\/wp-content\/uploads\/2024\/11\/Logo-Weiss-groesser.png\",\"width\":1124,\"height\":749,\"caption\":\"primaristic.de\"},\"image\":{\"@id\":\"https:\/\/primaristic.de\/#\/schema\/logo\/image\/\"}}]}<\/script>\n<!-- \/ Yoast SEO plugin. -->","yoast_head_json":{"title":"Datenschutzerkl\u00e4rung und Impressum - primaristic.de","robots":{"index":"index","follow":"follow","max-snippet":"max-snippet:-1","max-image-preview":"max-image-preview:large","max-video-preview":"max-video-preview:-1"},"canonical":"https:\/\/primaristic.de\/index.php\/datenschutzerklaerung\/","og_locale":"de_DE","og_type":"article","og_title":"Datenschutzerkl\u00e4rung und Impressum - primaristic.de","og_description":"Wer wir sind Primaristic.deSvenja SchrodeAm Vogelherd 1782140 OlchingTel.: 0157-37618362 Datenschutzrichtlinie von Primaristic.de Wir nehmen den Schutz pers\u00f6nlicher Daten sehr ernst. Wir tun alles, um pers\u00f6nliche Daten vertraulich zu halten. Sofern innerhalb unseres Internetangebotes die M\u00f6glichkeit zur Eingabe pers\u00f6nlicher oder gesch\u00e4ftlicher Daten (Emailadressen, Namen, Anschriften) besteht, so erfolgt die Preisgabe dieser Daten seitens des Nutzers auf &hellip; Mehr \u00fcber \"Datenschutzerkl\u00e4rung und Impressum\" Lesen","og_url":"https:\/\/primaristic.de\/index.php\/datenschutzerklaerung\/","og_site_name":"primaristic.de","article_modified_time":"2024-03-16T21:40:02+00:00","twitter_card":"summary_large_image","twitter_misc":{"Gesch\u00e4tzte Lesezeit":"4\u00a0Minuten"},"schema":{"@context":"https:\/\/schema.org","@graph":[{"@type":"WebPage","@id":"https:\/\/primaristic.de\/index.php\/datenschutzerklaerung\/","url":"https:\/\/primaristic.de\/index.php\/datenschutzerklaerung\/","name":"Datenschutzerkl\u00e4rung und Impressum - primaristic.de","isPartOf":{"@id":"https:\/\/primaristic.de\/#website"},"datePublished":"2022-02-02T18:59:16+00:00","dateModified":"2024-03-16T21:40:02+00:00","breadcrumb":{"@id":"https:\/\/primaristic.de\/index.php\/datenschutzerklaerung\/#breadcrumb"},"inLanguage":"de","potentialAction":[{"@type":"ReadAction","target":["https:\/\/primaristic.de\/index.php\/datenschutzerklaerung\/"]}]},{"@type":"BreadcrumbList","@id":"https:\/\/primaristic.de\/index.php\/datenschutzerklaerung\/#breadcrumb","itemListElement":[{"@type":"ListItem","position":1,"name":"Startseite","item":"https:\/\/primaristic.de\/"},{"@type":"ListItem","position":2,"name":"Datenschutzerkl\u00e4rung und Impressum"}]},{"@type":"WebSite","@id":"https:\/\/primaristic.de\/#website","url":"https:\/\/primaristic.de\/","name":"primaristic.de","description":"Dachverband der Primaristinnen in Deutschland","publisher":{"@id":"https:\/\/primaristic.de\/#organization"},"potentialAction":[{"@type":"SearchAction","target":{"@type":"EntryPoint","urlTemplate":"https:\/\/primaristic.de\/?s={search_term_string}"},"query-input":{"@type":"PropertyValueSpecification","valueRequired":true,"valueName":"search_term_string"}}],"inLanguage":"de"},{"@type":"Organization","@id":"https:\/\/primaristic.de\/#organization","name":"primaristic.de","url":"https:\/\/primaristic.de\/","logo":{"@type":"ImageObject","inLanguage":"de","@id":"https:\/\/primaristic.de\/#\/schema\/logo\/image\/","url":"https:\/\/primaristic.de\/wp-content\/uploads\/2024\/11\/Logo-Weiss-groesser.png","contentUrl":"https:\/\/primaristic.de\/wp-content\/uploads\/2024\/11\/Logo-Weiss-groesser.png","width":1124,"height":749,"caption":"primaristic.de"},"image":{"@id":"https:\/\/primaristic.de\/#\/schema\/logo\/image\/"}}]}},"jetpack_sharing_enabled":true,"_links":{"self":[{"href":"https:\/\/primaristic.de\/index.php\/wp-json\/wp\/v2\/pages\/55","targetHints":{"allow":["GET"]}}],"collection":[{"href":"https:\/\/primaristic.de\/index.php\/wp-json\/wp\/v2\/pages"}],"about":[{"href":"https:\/\/primaristic.de\/index.php\/wp-json\/wp\/v2\/types\/page"}],"author":[{"embeddable":true,"href":"https:\/\/primaristic.de\/index.php\/wp-json\/wp\/v2\/users\/1"}],"replies":[{"embeddable":true,"href":"https:\/\/primaristic.de\/index.php\/wp-json\/wp\/v2\/comments?post=55"}],"version-history":[{"count":7,"href":"https:\/\/primaristic.de\/index.php\/wp-json\/wp\/v2\/pages\/55\/revisions"}],"predecessor-version":[{"id":246,"href":"https:\/\/primaristic.de\/index.php\/wp-json\/wp\/v2\/pages\/55\/revisions\/246"}],"wp:attachment":[{"href":"https:\/\/primaristic.de\/index.php\/wp-json\/wp\/v2\/media?parent=55"}],"curies":[{"name":"wp","href":"https:\/\/api.w.org\/{rel}","templated":true}]}}